{"id":406,"date":"2020-07-29T17:04:03","date_gmt":"2020-07-29T15:04:03","guid":{"rendered":"https:\/\/mekelburger.de\/?page_id=406"},"modified":"2025-04-14T03:28:07","modified_gmt":"2025-04-14T01:28:07","slug":"datenschutz","status":"publish","type":"page","link":"https:\/\/mekelburger.de\/?page_id=406","title":{"rendered":"Daten\u00adschutz\u00ader\u00adkl\u00e4\u00adrung"},"content":{"rendered":"<p>[et_pb_section fb_built=\u201c1\u201d _builder_version=\u201c4.16\u201d _module_preset=\u201cdefault\u201d global_colors_info=\u201d{}\u201d][et_pb_row column_structure=\u201c3_4,1_4\u201d custom_padding_last_edited=\u201con|phone\u201d _builder_version=\u201c4.16\u201d _module_preset=\u201cdefault\u201d custom_padding_tablet=\u201d||0px||false|false\u201d custom_padding_phone=\u201d\u201d locked=\u201coff\u201d global_colors_info=\u201d{}\u201d][et_pb_column type=\u201c3_4\u201d _builder_version=\u201c4.16\u201d _module_preset=\u201cdefault\u201d global_colors_info=\u201d{}\u201d][et_pb_text _builder_version=\u201c4.16\u201d _module_preset=\u201cdefault\u201d header_font=\u201cJosefin Sans|700||on|||||\u201d header_text_color=\u201d#00b2ff\u201d header_font_size=\u201c24px\u201d header_letter_spacing=\u201c1px\u201d header_line_height=\u201c1.3em\u201d background_enable_color=\u201coff\u201d background_enable_image=\u201coff\u201d background_size=\u201ccontain\u201d transform_translate_linked=\u201coff\u201d width=\u201c78%\u201d custom_margin=\u201d|||0px|false|false\u201d custom_padding=\u201c22px|20px|7px|20px|false|true\u201d custom_padding_tablet=\u201d\u201d custom_padding_phone=\u201c21px|18px||18px|false|true\u201d custom_padding_last_edited=\u201con|phone\u201d header_font_size_tablet=\u201d\u201d header_font_size_phone=\u201c20px\u201d header_font_size_last_edited=\u201con|phone\u201d border_width_all=\u201c2px\u201d border_color_all=\u201d#00b2ff\u201d global_colors_info=\u201d{}\u201d]<\/p>\n<h1>Daten\u00adschutz\u00ader\u00adkl\u00e4\u00adrung:<\/h1>\n<p>[\/et_pb_text][et_pb_text _builder_version=\u201c4.16\u201d _module_preset=\u201cdefault\u201d text_font=\u201cJosefin Sans|300|||||||\u201d text_font_size=\u201c15px\u201d header_2_font=\u201cJosefin Sans|600|||||||\u201d header_2_text_color=\u201d#00b2ff\u201d header_2_font_size=\u201c23px\u201d global_colors_info=\u201d{}\u201d]<\/p>\n<h2>1.1 Allge\u00admei\u00adne Hinweise<\/h2>\n<p>Wir freuen uns \u00fcber Ihren Besuch auf unserer Webseite und \u00fcber das damit verbun\u00adde\u00adne Inter\u00ades\u00adse an unserem Unter\u00adneh\u00admen und unseren Leistungen.<\/p>\n<p>Wir verzich\u00adten auf unserer Webseite bewusst auf Analyse-Tools von Dritt\u00adan\u00adbie\u00adtern, mit Hilfe derer diese Anbieter Ihr Nutzer\u00adver\u00adhal\u00adten analy\u00adsie\u00adren k\u00f6nnten. Au\u00dferdem gibt es keine Plugins auf unserer Webseite, um Sie zielge\u00adrich\u00adtet werblich anzusprechen.<\/p>\n<p>Technisch bedingt ist es grund\u00ads\u00e4tz\u00adlich leider nicht m\u00f6glich, eine Webseite ohne perso\u00adnen\u00adbe\u00adzo\u00adge\u00adne Daten auf Ihrem Computer zur Anzeige zu bringen. Hierzu geh\u00f6rt beispiels\u00adwei\u00adse Ihre IP-Adresse und insofern geben wir Ihnen mit unserer Daten\u00adschutz\u00ader\u00adkl\u00e4\u00adrung ausf\u00fchr\u00adli\u00adche Infor\u00adma\u00adtio\u00adnen dar\u00fcber, was genau mit Ihren Daten passiert, wenn Sie unsere Websei\u00adten aufrufen, sich f\u00fcr unsere Online-Auktio\u00adnen inter\u00ades\u00adsie\u00adren oder uns mittels Telefon, Fax oder E\u2011Mail kontaktieren.<\/p>\n<p>&nbsp;<\/p>\n<h2>1.2 Daten\u00ader\u00adfas\u00adsung auf unserer Webseite<\/h2>\n<p><strong> Wer ist verant\u00adwort\u00adlich f\u00fcr die Daten\u00ader\u00adfas\u00adsung auf diesen Webseiten?<\/strong><\/p>\n<p>Verant\u00adwort\u00adlich f\u00fcr die Daten\u00adver\u00adar\u00adbei\u00adtung auf dieser Webseite ist Michael Mekel\u00adbur\u00adger Auktio\u00adna\u00adtor. Unsere Kontakt\u00adda\u00adten k\u00f6nnen Sie dem Impres\u00adsum entneh\u00admen. Au\u00dferdem sind diese am Ende jeder Seite im sog. \u201eFooter\u201c, wiedergegeben.<\/p>\n<p><strong> Wie erfassen wir Ihre Daten?<\/strong><br>Unsere Webseite bietet aktuell keine M\u00f6glich\u00adkeit zur Anmel\u00addung f\u00fcr einen Newslet\u00adter. Bei Ihrem Besuch werden durch unseren Provider also ausschlie\u00df\u00adlich Daten erfasst, die technisch notwen\u00addig sind, den Dienst \u00fcberhaupt zu erbrin\u00adgen.<br>Neben Ihrer IP-Adresse z\u00e4hlen hierzu beispielsweise<\/p>\n<ul>\n<li>Ihr Inter\u00adnet\u00adbrow\u00adser<\/li>\n<li>Ihr Betriebs\u00adsys\u00adtem<\/li>\n<li>und der Zeitpunkt des Webseitenaufrufs.<\/li>\n<\/ul>\n<p><strong> Wof\u00fcr nutzen wir Ihre Daten?<\/strong><br>Wir verwen\u00adden diese Daten ausschlie\u00df\u00adlich daf\u00fcr, unsere Webseite auf Ihrem Computer fehler\u00adfrei anzeigen zu k\u00f6nnen und lokal zu analy\u00adsie\u00adren, welche Seiten aufge\u00adru\u00adfen werden.<\/p>\n<p><strong> Welche Rechte haben Sie bez\u00fcg\u00adlich Ihrer Daten?<\/strong><br>Sie haben jeder\u00adzeit das Recht unent\u00adgelt\u00adlich Auskunft \u00fcber Herkunft, Empf\u00e4n\u00adger und Zweck Ihrer gespei\u00adcher\u00adten perso\u00adnen\u00adbe\u00adzo\u00adge\u00adnen Daten zu erhalten. Sie haben au\u00dferdem das Recht, die Berich\u00adti\u00adgung, Sperrung oder L\u00f6schung dieser Daten zu verlan\u00adgen. Hierzu sowie zu weiteren Fragen zum Thema Daten\u00adschutz k\u00f6nnen Sie sich jeder\u00adzeit unter der im Impres\u00adsum sowie im Abschnitt \u201eVerant\u00adwort\u00adli\u00adche Stelle\u201c (Ziffer 2.2) angege\u00adbe\u00adnen Adresse an uns wenden. Des Weiteren steht Ihnen ein Beschwer\u00adde\u00adrecht bei der zust\u00e4n\u00addi\u00adgen Aufsichts\u00adbe\u00adh\u00f6r\u00adde zu.<br>Au\u00dferdem haben Sie das Recht, unter bestimm\u00adten Umst\u00e4n\u00adden die Einschr\u00e4n\u00adkung der Verar\u00adbei\u00adtung Ihrer perso\u00adnen\u00adbe\u00adzo\u00adge\u00adnen Daten zu verlan\u00adgen. Details hierzu k\u00f6nnen Sie dieser Daten\u00adschutz\u00ader\u00adkl\u00e4\u00adrung dem Abschnitt \u201eRecht auf Einschr\u00e4n\u00adkung der Verar\u00adbei\u00adtung\u201c (Ziffer 2.9) entnehmen.<\/p>\n<p>&nbsp;<\/p>\n<h2>1.3 Analy\u00adse\u00adtool<\/h2>\n<p>Beim Besuch unserer Webseite kann Ihr Surfver\u00adhal\u00adten statis\u00adtisch ausge\u00adwer\u00adtet werden. Das geschieht mit Cookies und mit einem sogenann\u00adten \u201eAnaly\u00adse\u00adpro\u00adgramm\u201d (in unserem Fall Matomo). Die Analyse Ihres Surfver\u00adhal\u00adtens erfolgt&nbsp;<strong>anonym und nicht bei einem Dritt\u00adan\u00adbie\u00adter<\/strong>. Das Surfver\u00adhal\u00adten kann nicht zu Ihnen zur\u00fcck\u00adver\u00adfolgt werden.<\/p>\n<p>Sie k\u00f6nnen einer Analyse wider\u00adspre\u00adchen. Weitere Infor\u00adma\u00adtio\u00adnen finden Sie im Abschnitt \u201eMatomo\u201c (Ziffer 3.3) weiter unten.<\/p>\n<p>&nbsp;<\/p>\n<h2>1.4 Externes Hosting<\/h2>\n<p>Unsere Webseite wird bei einem externen Dienst\u00adleis\u00adter gehostet (Hosting-Dienst\u00adleis\u00adter).<\/p>\n<p>Perso\u00adnen\u00adbe\u00adzo\u00adge\u00adnen Daten, die auf unserer Webseite erfasst werden, werden auf den Servern unseres Hosting-Dienst\u00adleis\u00adters verar\u00adbei\u00adtet. Hierbei kann es sich v.a. um IP-Adressen, Meta- und Kommu\u00adni\u00adka\u00adti\u00adons\u00adda\u00adten, Websei\u00adten\u00adzu\u00adgrif\u00adfe und sonstige Daten, die \u00fcber eine Webseite generiert werden, handeln. Unser Hosting-Dienst\u00adleis\u00adter wird Ihre Daten nur insoweit verar\u00adbei\u00adten, wie dies zur Erf\u00fcl\u00adlung seiner Leistungs\u00adpflich\u00adten erfor\u00adder\u00adlich ist und unsere Weisun\u00adgen in Bezug auf diese Daten befolgen. Wir haben mit unserem Hosting-Dienst\u00adleis\u00adter einen Vertrag zur Auftrags\u00adver\u00adar\u00adbei\u00adtung geschlos\u00adsen, um eine daten\u00adschutz\u00adkon\u00adfor\u00adme Verar\u00adbei\u00adtung zu gew\u00e4hrleisten.<\/p>\n<p>Der Einsatz des Hosting-Dienst\u00adleis\u00adters erfolgt im Inter\u00ades\u00adse einer sicheren, schnel\u00adlen und effizi\u00aden\u00adten Bereit\u00adstel\u00adlung unseres Online-Angebots durch einen profes\u00adsio\u00adnel\u00adlen Anbieter (Art.&nbsp;6&nbsp;Abs.&nbsp;1&nbsp;lit.&nbsp;f&nbsp;DSGVO).<\/p>\n<p>&nbsp;<\/p>\n<h2>2.1 Daten\u00adschutz<\/h2>\n<p>Daten\u00adschutz ist eine ernst zuneh\u00admen\u00adde Errun\u00adgen\u00adschaft, aus Verant\u00adwor\u00adtung Ihnen gegen\u00ad\u00fcber sowie in unserem eigenen Inter\u00ades\u00adse. Wir verar\u00adbei\u00adten Ihre perso\u00adnen\u00adbe\u00adzo\u00adge\u00adnen Daten absolut vertrau\u00adlich und selbst\u00adver\u00adst\u00e4nd\u00adlich ausschlie\u00df\u00adlich entspre\u00adchend der gesetz\u00adli\u00adchen Vorschrif\u00adten sowie dieser Datenschutzerkl\u00e4rung.<\/p>\n<p>Wenn Sie unsere Webseite besuchen, werden verschie\u00adde\u00adne perso\u00adnen\u00adbe\u00adzo\u00adge\u00adne Daten erhoben. Perso\u00adnen\u00adbe\u00adzo\u00adge\u00adne Daten sind Daten, mit denen Sie pers\u00f6n\u00adlich identi\u00adfi\u00adziert werden k\u00f6nnen. Die vorlie\u00adgen\u00adde Daten\u00adschutz\u00ader\u00adkl\u00e4\u00adrung erl\u00e4u\u00adtert, welche Daten wir erheben und wof\u00fcr wir sie nutzen. Sie erl\u00e4u\u00adtert auch, wie und zu welchem Zweck das geschieht.<\/p>\n<p>Wir weisen darauf hin, dass Daten\u00ad\u00fcber\u00adtra\u00adgun\u00adgen im Internet Sicher\u00adheits\u00adl\u00fc\u00adcken aufwei\u00adsen k\u00f6nnen. Ein l\u00fccken\u00adlo\u00adser Schutz der Daten vor dem Zugriff durch Dritte ist auf Basis der heutigen techni\u00adschen Grund\u00adla\u00adgen nicht m\u00f6glich.<\/p>\n<p>&nbsp;<\/p>\n<h2>2.2 Verant\u00adwort\u00adli\u00adche Stelle<\/h2>\n<p><strong> Die verant\u00adwort\u00adli\u00adche Stelle f\u00fcr die Daten\u00adver\u00adar\u00adbei\u00adtung auf dieser Webseite ist:<\/strong><br>MMA Michael Mekel\u00adbur\u00adger Auktio\u00adna\u00adtor\u2028<br>Theo-Champion-Stra\u00dfe 21<br>\u202840549 D\u00fcssel\u00addorf\u2028\u2028<br>Tel:&nbsp; +49 <span style=\"color: #000000;\"><a href=\"tel:+491636009090\" style=\"color: #000000;\">163 600 90 90<\/a><\/span><br>E\u2011Mail: office@mekelburger.de\u2028\u2028<\/p>\n<p><strong>Verant\u00adwort\u00adli\u00adcher Vertreter\/ Inhaber:<\/strong>&nbsp;Michael Mekelburger<\/p>\n<p>&nbsp;<\/p>\n<h2>2.3 Widerruf Ihrer Einwil\u00adli\u00adgung zur Datenverarbeitung<\/h2>\n<p>Viele Daten\u00adver\u00adar\u00adbei\u00adtungs\u00advor\u00adg\u00e4n\u00adge sind nur mit Ihrer ausdr\u00fcck\u00adli\u00adchen Einwil\u00adli\u00adgung m\u00f6glich. Sie k\u00f6nnen eine bereits erteilte Einwil\u00adli\u00adgung jeder\u00adzeit wider\u00adru\u00adfen. Dazu reicht eine formlose Mittei\u00adlung per E- Mail an uns. Die Recht\u00adm\u00e4\u00ad\u00dfig\u00adkeit der bis zum Widerruf erfolg\u00adten Daten\u00adver\u00adar\u00adbei\u00adtung bleibt vom Widerruf unber\u00fchrt.<\/p>\n<p>&nbsp;<\/p>\n<h2>2.4 Wider\u00adspruchs\u00adrecht gegen die Daten\u00ader\u00adhe\u00adbung in beson\u00adde\u00adren F\u00e4llen sowie gegen Direkt\u00adwer\u00adbung (Art.&nbsp;21&nbsp;DSGVO)<\/h2>\n<p>Wenn die Daten\u00adver\u00adar\u00adbei\u00adtung auf Grund\u00adla\u00adge von Art.&nbsp;6&nbsp;Abs.&nbsp;1&nbsp;lit.&nbsp;e&nbsp;oder&nbsp;f&nbsp;DSGVO&nbsp;erfolgt, haben Sie jeder\u00adzeit das Recht, aus Gr\u00fcnden, die sich aus Ihrer beson\u00adde\u00adren Situa\u00adti\u00adon ergeben, gegen die Verar\u00adbei\u00adtung Ihrer perso\u00adnen\u00adbe\u00adzo\u00adge\u00adnen Daten Wider\u00adspruch einzu\u00adle\u00adgen; dies gilt auch f\u00fcr ein auf diese Bestim\u00admun\u00adgen gest\u00fctz\u00adtes Profil\u00ading. Die jewei\u00adli\u00adge Rechts\u00adgrund\u00adla\u00adge, auf denen eine Verar\u00adbei\u00adtung beruht, entneh\u00admen Sie dieser Daten\u00adschutz\u00ader\u00adkl\u00e4\u00adrung. Wenn Sie Wider\u00adspruch einlegen, werden wir Ihre betrof\u00adfe\u00adnen perso\u00adnen\u00adbe\u00adzo\u00adge\u00adnen Daten nicht mehr verar\u00adbei\u00adten, es sei denn, wir k\u00f6nnen zwingen\u00adde schutz\u00adw\u00fcr\u00addi\u00adge Gr\u00fcnde f\u00fcr die Verar\u00adbei\u00adtung nachwei\u00adsen, die Ihre Inter\u00ades\u00adsen, Rechte und Freihei\u00adten \u00fcberwie\u00adgen oder die Verar\u00adbei\u00adtung dient der Geltend\u00adma\u00adchung, Aus\u00fcbung oder Vertei\u00addi\u00adgung von Rechts\u00adan\u00adspr\u00fc\u00adchen (Wider\u00adspruch nach Art.&nbsp;21&nbsp;Abs.&nbsp;1&nbsp;DSGVO).<br>Werden Ihre perso\u00adnen\u00adbe\u00adzo\u00adge\u00adnen Daten verar\u00adbei\u00adtet, um Direkt\u00adwer\u00adbung zu betrei\u00adben, so haben Sie das Recht, jeder\u00adzeit Wider\u00adspruch gegen die Verar\u00adbei\u00adtung Sie betref\u00adfen\u00adder perso\u00adnen\u00adbe\u00adzo\u00adge\u00adner Daten zum Zwecke derar\u00adti\u00adger Werbung einzu\u00adle\u00adgen; dies gilt auch f\u00fcr das Profil\u00ading, soweit es mit solcher Direkt\u00adwer\u00adbung in Verbin\u00addung steht. Wenn Sie wider\u00adspre\u00adchen, werden Ihre perso\u00adnen\u00adbe\u00adzo\u00adge\u00adnen Daten anschlie\u00ad\u00dfend nicht mehr zum Zwecke der Direkt\u00adwer\u00adbung verwen\u00addet (Wider\u00adspruch nach Art.&nbsp;21&nbsp;Abs.&nbsp;2&nbsp;DSGVO).<\/p>\n<p>&nbsp;<\/p>\n<h2>2.5 Zust\u00e4n\u00addi\u00adge Aufsichtsbeh\u00f6rde<\/h2>\n<p>Im Falle von Verst\u00f6\u00ad\u00dfen gegen die&nbsp;DSGVO&nbsp;steht den Betrof\u00adfe\u00adnen ein Beschwer\u00adde\u00adrecht bei einer Aufsichts\u00adbe\u00adh\u00f6r\u00adde, insbe\u00adson\u00adde\u00adre in dem Mitglied\u00adstaat ihres gew\u00f6hn\u00adli\u00adchen Aufent\u00adhalts, ihres Arbeits\u00adplat\u00adzes oder des Orts des mutma\u00df\u00adli\u00adchen Versto\u00ad\u00dfes zu. Das Beschwer\u00adde\u00adrecht besteht unbescha\u00addet ander\u00adwei\u00adti\u00adger verwal\u00adtungs\u00adrecht\u00adli\u00adcher oder gericht\u00adli\u00adcher Rechtsbehelfe.<\/p>\n<p><strong>Die f\u00fcr die&nbsp;MMA Michael Mekel\u00adbur\u00adger Auktio\u00adna\u00adtor zust\u00e4n\u00addi\u00adge Beh\u00f6rde f\u00fcr den Daten\u00adschutz ist die<\/strong><br>Landes\u00adbe\u00adauf\u00adtrag\u00adte f\u00fcr Daten\u00adschutz und Infor\u00adma\u00adti\u00adons\u00adfrei\u00adheit Nordrhein-Westfa\u00adlen<br>\u2028Kaval\u00adle\u00adrie\u00adstr.&nbsp;2\u20134\u2028<br>40213&nbsp;D\u00fcssel\u00addorf<br>Telefon: 0211&nbsp;\/&nbsp;38424\u20130\u2028<br>Fax: 0211&nbsp;\/&nbsp;38424\u201310\u2028<br>E\u2011Mail: <a href=\"mailto:poststelle@ldi.nrw.de\">poststelle@ldi.nrw.de<\/a><\/p>\n<p>&nbsp;<\/p>\n<h2>2.6 Recht auf Daten\u00fcbertragbarkeit<\/h2>\n<p>Sie haben das Recht, Daten, die wir auf Grund\u00adla\u00adge Ihrer Einwil\u00adli\u00adgung oder in Erf\u00fcl\u00adlung eines Vertrags automa\u00adti\u00adsiert verar\u00adbei\u00adten, an sich oder an einen Dritten in einem g\u00e4ngigen, maschi\u00adnen\u00adles\u00adba\u00adren Format aush\u00e4n\u00addi\u00adgen zu lassen. Sofern Sie die direkte \u00dcbertra\u00adgung der Daten an einen anderen Verant\u00adwort\u00adli\u00adchen verlan\u00adgen, erfolgt dies nur, soweit es technisch machbar ist.<\/p>\n<p>&nbsp;<\/p>\n<h2>2.7 Auskunft, Sperrung, L\u00f6schung und Berichtigung<\/h2>\n<p>Sie haben im Rahmen der gelten\u00adden gesetz\u00adli\u00adchen Bestim\u00admun\u00adgen jeder\u00adzeit das Recht auf unent\u00adgelt\u00adli\u00adche Auskunft \u00fcber Ihre gespei\u00adcher\u00adten perso\u00adnen\u00adbe\u00adzo\u00adge\u00adnen Daten, deren Herkunft und Empf\u00e4n\u00adger und den Zweck der Daten\u00adver\u00adar\u00adbei\u00adtung sowie ggf. ein Recht auf Berich\u00adti\u00adgung, Sperrung oder L\u00f6schung dieser Daten. Hierzu, sowie zu weiteren Fragen zum Thema perso\u00adnen\u00adbe\u00adzo\u00adge\u00adne Daten, k\u00f6nnen Sie sich jeder\u00adzeit unter der im Impres\u00adsum sowie im Abschnitt \u201eVerant\u00adwort\u00adli\u00adche Stelle\u201c (Ziffer&nbsp;2.2) angege\u00adbe\u00adnen Adresse an uns wenden.<\/p>\n<p>&nbsp;<\/p>\n<h2>2.8 Recht auf Einschr\u00e4n\u00adkung der Verarbeitung<\/h2>\n<p>Sie haben das Recht, die Einschr\u00e4n\u00adkung der Verar\u00adbei\u00adtung Ihrer perso\u00adnen\u00adbe\u00adzo\u00adge\u00adnen Daten zu verlan\u00adgen. Hierzu k\u00f6nnen Sie sich jeder\u00adzeit unter der im Impres\u00adsum sowie im Abschnitt \u201eVerant\u00adwort\u00adli\u00adche Stelle\u201c (Ziffer&nbsp;2.2) angege\u00adbe\u00adnen Adresse an uns wenden. Das Recht auf Einschr\u00e4n\u00adkung der Verar\u00adbei\u00adtung besteht in folgen\u00adden F\u00e4llen:<\/p>\n<ul>\n<li>Wenn Sie die Richtig\u00adkeit Ihrer bei uns gespei\u00adcher\u00adten perso\u00adnen\u00adbe\u00adzo\u00adge\u00adnen Daten bestrei\u00adten, ben\u00f6ti\u00adgen wir in der Regel Zeit, um dies zu \u00fcberpr\u00fc\u00adfen. F\u00fcr die Dauer der Pr\u00fcfung haben Sie das Recht, die Einschr\u00e4n\u00adkung der Verar\u00adbei\u00adtung Ihrer perso\u00adnen\u00adbe\u00adzo\u00adge\u00adnen Daten zu verlangen.<\/li>\n<li>Wenn die Verar\u00adbei\u00adtung Ihrer perso\u00adnen\u00adbe\u00adzo\u00adge\u00adnen Daten unrecht\u00adm\u00e4\u00ad\u00dfig geschah\/ geschieht, k\u00f6nnen Sie statt der L\u00f6schung die Einschr\u00e4n\u00adkung der Daten\u00adver\u00adar\u00adbei\u00adtung verlangen.<\/li>\n<li>Wenn wir Ihre perso\u00adnen\u00adbe\u00adzo\u00adge\u00adnen Daten nicht mehr ben\u00f6ti\u00adgen, Sie sie jedoch zur Aus\u00fcbung, Vertei\u00addi\u00adgung oder Geltend\u00adma\u00adchung von Rechts\u00adan\u00adspr\u00fc\u00adchen ben\u00f6ti\u00adgen, haben Sie das Recht, statt der L\u00f6schung die Einschr\u00e4n\u00adkung der Verar\u00adbei\u00adtung Ihrer perso\u00adnen\u00adbe\u00adzo\u00adge\u00adnen Daten zu verlangen.<\/li>\n<li>Wenn Sie einen Wider\u00adspruch nach Art.&nbsp;21&nbsp;Abs.&nbsp;1&nbsp;DSGVO&nbsp;einge\u00adlegt haben, muss eine Abw\u00e4gung zwischen Ihren und unseren Inter\u00ades\u00adsen vorge\u00adnom\u00admen werden. Solange noch nicht feststeht, wessen Inter\u00ades\u00adsen \u00fcberwie\u00adgen, haben Sie das Recht, die Einschr\u00e4n\u00adkung der Verar\u00adbei\u00adtung Ihrer perso\u00adnen\u00adbe\u00adzo\u00adge\u00adnen Daten zu verlangen.<\/li>\n<li>Wenn Sie die Verar\u00adbei\u00adtung Ihrer perso\u00adnen\u00adbe\u00adzo\u00adge\u00adnen Daten einge\u00adschr\u00e4nkt haben, d\u00fcrfen diese Daten \u2013 von ihrer Speiche\u00adrung abgese\u00adhen \u2013 nur mit Ihrer Einwil\u00adli\u00adgung oder zur Geltend\u00adma\u00adchung, Aus\u00fcbung oder Vertei\u00addi\u00adgung von Rechts\u00adan\u00adspr\u00fc\u00adchen oder zum Schutz der Rechte einer anderen nat\u00fcr\u00adli\u00adchen oder juris\u00adti\u00adschen Person oder aus Gr\u00fcnden eines wichti\u00adgen \u00f6ffent\u00adli\u00adchen Inter\u00ades\u00adses der Europ\u00e4i\u00adschen Union oder eines Mitglied\u00adstaats verar\u00adbei\u00adtet werden.<\/li>\n<\/ul>\n<p><strong> Daten\u00ader\u00adfas\u00adsung auf unseren Webseiten<\/strong><\/p>\n<p><strong><\/strong><\/p>\n<p><strong><\/strong><\/p>\n<h2>3.1 Server-Proto\u00adkoll\u00adda\u00adtei\u00aden<\/h2>\n<p>Der Hosting-Dienst\u00adleis\u00adter unserer Websei\u00adten erhebt und speichert in sogenann\u00adten Server-Proto\u00adkoll\u00adda\u00adtei\u00aden Infor\u00adma\u00adtio\u00adnen, die Ihr Browser beim Websei\u00adten\u00adbe\u00adsuch automa\u00adtisch \u00fcbermit\u00adtelt. Dies&nbsp;sind:<\/p>\n<ul>\n<li>auf unseren Websei\u00adten besuchte Seiten<\/li>\n<li>Webseite, von der ein Besucher kommt (Referrer)<\/li>\n<li>Browser\u00adtyp, Browserversion<\/li>\n<li>Betriebs\u00adsys\u00adtem, Betriebssystemversion<\/li>\n<li>Hostname des zugrei\u00adfen\u00adden Endger\u00e4ts<\/li>\n<li>IP-Adresse<\/li>\n<li>Datum und Uhrzeit des Webseitenaufrufs<\/li>\n<\/ul>\n<p>Eine Zusam\u00admen\u00adf\u00fch\u00adrung dieser Daten mit anderen Daten\u00adquel\u00adlen wird nicht vorge\u00adnom\u00admen.<br>Die Erfas\u00adsung dieser Daten erfolgt auf Grund\u00adla\u00adge von Art.&nbsp;6&nbsp;Abs.&nbsp;1&nbsp;lit.&nbsp;f&nbsp;DSGVO. Wir haben ein berech\u00adtig\u00adtes Inter\u00ades\u00adse an einer technisch fehler\u00adfrei\u00aden Darstel\u00adlung und der Optimie\u00adrung unserer Websei\u00adten. Dazu m\u00fcssen Server-Proto\u00adkoll\u00adda\u00adtei\u00aden erfasst werden.<\/p>\n<p>&nbsp;<\/p>\n<h2>3.2 Cookies<\/h2>\n<p>Wir verwen\u00adden sogenann\u00adte Cookies, kleine Textda\u00adtei\u00aden, die beim Besuch unserer Websei\u00adten von Ihrem Browser auf Ihrem Endger\u00e4t gespei\u00adchert werden. Sitzungs\u00adcoo\u00adkies (Session-Cookies) werden beim Beenden der Browser\u00adsit\u00adzung automa\u00adtisch gel\u00f6scht. Andere Cookies bleiben gespei\u00adchert, bis Sie diese l\u00f6schen. Diese Cookies erm\u00f6g\u00adli\u00adchen es unserem Server, Ihren Browser beim n\u00e4chsten Besuch wiederzuerkennen.<\/p>\n<p>Sie k\u00f6nnen das Setzen von Cookies in den Einstel\u00adlun\u00adgen Ihres Browsers deakti\u00advie\u00adren, oder ihn so konfi\u00adgu\u00adrie\u00adren, dass Cookies beim Schlie\u00ad\u00dfen des Browsers automa\u00adtisch gel\u00f6scht werden.<\/p>\n<p>Cookies, die zur Bereit\u00adstel\u00adlung der Websei\u00adten erfor\u00adder\u00adlich sind, werden auf Grund\u00adla\u00adge von Art.&nbsp;6&nbsp;Abs.&nbsp;1&nbsp;lit.&nbsp;f&nbsp;DSGVO&nbsp;gespei\u00adchert. Wir haben ein berech\u00adtig\u00adtes Inter\u00ades\u00adse an der Speiche\u00adrung von Cookies zur technisch fehler\u00adfrei\u00aden und optimier\u00adten Bereit\u00adstel\u00adlung unserer Dienste.<\/p>\n<p>Die auf unseren Websei\u00adten einge\u00adsetz\u00adten Cookies, deren Verwen\u00addungs\u00adzwe\u00adcke, Speicher\u00addau\u00adern sowie die Identi\u00adt\u00e4t der Betrei\u00adber listen wir hier im Folgen\u00adden&nbsp;auf.<\/p>\n<p>&nbsp;<\/p>\n<p><strong> Cookies\/Pixel f\u00fcr Statistiken<\/strong><\/p>\n<p>Wir erstel\u00adlen mit Hilfe des Webana\u00adly\u00adse\u00addiens\u00adtes Matomo Statis\u00adti\u00adken \u00fcber Besuche unserer Webseite. Dieses erfolgt&nbsp;<strong>auf unserem Server ohne Einbin\u00addung von Dritt\u00adan\u00adbie\u00adtern.<\/strong> Wir geben Daten \u00fcber Ihren Besuch auch nicht an Dritte weiter.<\/p>\n<p><strong> MATOMO_SESSID (Cookie)<\/strong><\/p>\n<ul>\n<li>Mit Hilfe dieses Session-Cookies kann unser Analy\u00adse\u00adtool Matomo Websei\u00adten\u00adab\u00adru\u00adfe w\u00e4hrend einer aktuel\u00adlen Sitzung nachver\u00adfol\u00adgen. Wenn in Ihrem Browser die \u201eDo-Not-Track\u201d-Option aktiviert ist, werden keine Daten aufge\u00adzeich\u00adnet und Ihr Besuch erscheint nicht in unserer Analyse.<\/li>\n<li>Betrei\u00adber: mekelburger.de (MMA Michael Mekel\u00adbur\u00adger Auktionator)<\/li>\n<li>Speicher\u00addau\u00ader: Bis zum Beenden der Browser\u00adsit\u00adzung (Session-Cookie)<\/li>\n<\/ul>\n<p><strong> piwik_ignore (Cookie)<\/strong><\/p>\n<p>Dieses Matomo-Deakti\u00advie\u00adrungs-Cookie speichert die Infor\u00adma\u00adti\u00adon \u00fcber ein Opt-Out. Es ist notwen\u00addig, wenn Ihre Besuche auf unserer Webseite von der Webana\u00adly\u00adse nicht mehr erfasst werden sollen, ohne das die \u201eDo-Not-Track\u201d-Option in Ihrem Browser aktiviert ist. Bitte beachten Sie, dass auch dieses Matomo-Deakti\u00advie\u00adrungs-Cookie gel\u00f6scht wird, wenn Sie die in Ihrem Browser abgeleg\u00adten Cookies entfer\u00adnen.<br>Betrei\u00adber: mekelburger.de (MMA Michael Mekel\u00adbur\u00adger Auktio\u00adna\u00adtor)<br>Speicher\u00addau\u00ader: 2&nbsp;Jahre<\/p>\n<p><strong> matomo.php (Pixel)<\/strong><\/p>\n<ul>\n<li>Dieses Pixel verwen\u00addet unser Analy\u00adse\u00adtool Matomo, um Websei\u00adten\u00adab\u00adru\u00adfe w\u00e4hrend einer Sitzung nachver\u00adfol\u00adgen zu k\u00f6nnen. Wenn in Ihrem Browser die \u201eDo-Not-Track\u201d-Option aktiviert ist, werden keine Daten aufge\u00adzeich\u00adnet und Ihr Besuch erscheint nicht in unserer Analyse.<\/li>\n<li>Betrei\u00adber: mekelburger.de (MMA Michael Mekel\u00adbur\u00adger Auktionator)<\/li>\n<li>Speicher\u00addau\u00ader: Bis zum Beenden der Browsersitzung<\/li>\n<\/ul>\n<p>&nbsp;<\/p>\n<h2>3.3 Matomo<\/h2>\n<p>Wir setzen auf unseren Websei\u00adten den Open-Source-Webana\u00adly\u00adse\u00addienst Matomo ein.<br>Matomo verwen\u00addet Cookies, das sind Textda\u00adtei\u00aden, die auf Ihrem Endger\u00e4t gespei\u00adchert werden und die eine Analyse der Benut\u00adzung unserer Websei\u00adten erm\u00f6g\u00adli\u00adchen. Dazu werden die durch die Cookies erzeug\u00adten Infor\u00adma\u00adtio\u00adnen \u00fcber die Benut\u00adzung unserer Websei\u00adten&nbsp;<strong>auf unserem Server&nbsp;gespei\u00adchert<\/strong>. Ihre IP-Adresse wird vor der Speiche\u00adrung anony\u00admi\u00adsiert. Die durch diese Analysen ermit\u00adtel\u00adten Infor\u00adma\u00adtio\u00adnen \u00fcber die Benut\u00adzung unserer Websei\u00adten verblei\u00adben bei uns und werden&nbsp;<strong>nicht an Dritte<\/strong>&nbsp;weitergegeben.<\/p>\n<p>Einige Matomo-Cookies verblei\u00adben auf Ihrem Endger\u00e4t, bis Sie diese l\u00f6schen. Matomo-Session-Cookies werden nach dem Ende der Browser\u00adsit\u00adzung gel\u00f6scht.<\/p>\n<p>Die Nutzung des Analy\u00adse\u00adtools Matomo erfolgt auf Grund\u00adla\u00adge von Art.&nbsp;6&nbsp;Abs.&nbsp;1&nbsp;lit.&nbsp;f&nbsp;DSGVO. Wir haben ein berech\u00adtig\u00adtes Inter\u00ades\u00adse an der anony\u00admi\u00adsier\u00adten Analyse des Besucher\u00adver\u00adhal\u00adtens, um unsere Websei\u00adten optimie\u00adren zu k\u00f6nnen.<\/p>\n<p>Sie k\u00f6nnen die Speiche\u00adrung der Cookies durch eine entspre\u00adchen\u00adde Einstel\u00adlung Ihres Browsers verhin\u00addern. Wenn Sie in Ihrem Browser die \u201eDo Not Track\u201c-Option aktiviert haben, werden wir Ihren Besuch nicht analysieren.<\/p>\n<p>Wenn Sie der Verar\u00adbei\u00adtung zu Analy\u00adse\u00adzwe\u00adcken wider\u00adspre\u00adchen, wird in Ihrem Browser ein sog. \u201eOpt-Out-Cookie\u201d ohne Nutzungs\u00adda\u00adten abgelegt, was zur Folge hat, dass Matomo keiner\u00adlei Sitzungs\u00adda\u00adten mehr erhebt. Wenn Sie Ihre Cookies l\u00f6schen, wird auch das Opt-Out-Cookie gel\u00f6scht und das Opt-Out muss von Ihnen erneut durch\u00adge\u00adf\u00fchrt werden.<\/p>\n<p>&nbsp;<\/p>\n<p>Falls Sie einen Werbe\u00adblo\u00adcker (Adblo\u00adcker) einset\u00adzen, wird der folgende Abschnitt f\u00fcr das Matomo-Opt-Out m\u00f6gli\u00adcher\u00adwei\u00adse nicht angezeigt:<\/p>\n<h2>3.4 Anfragen per E\u2011Mail, Telefon oder&nbsp;Fax<\/h2>\n<p>Wenn Sie uns per E\u2011Mail, Telefon oder Fax kontak\u00adtie\u00adren, wird Ihre Anfrage inklu\u00adsi\u00adve aller daraus hervor\u00adge\u00adhen\u00adden perso\u00adnen\u00adbe\u00adzo\u00adge\u00adnen Daten zum Zwecke der Bearbei\u00adtung Ihres Anlie\u00adgens bei uns gespei\u00adchert und verar\u00adbei\u00adtet. Diese Daten geben wir nicht ohne Ihre Einwil\u00adli\u00adgung weiter.<\/p>\n<p>Die Verar\u00adbei\u00adtung dieser Daten erfolgt auf Grund\u00adla\u00adge von Art.&nbsp;6&nbsp;Abs.&nbsp;1&nbsp;lit.&nbsp;b&nbsp;DSGVO, sofern Ihre Anfrage mit der Erf\u00fcl\u00adlung eines Vertrags zusam\u00admen\u00adh\u00e4ngt oder zur Durch\u00adf\u00fch\u00adrung vorver\u00adtrag\u00adli\u00adcher Ma\u00dfnah\u00admen erfor\u00adder\u00adlich ist. In allen \u00fcbrigen F\u00e4llen beruht die Verar\u00adbei\u00adtung auf Ihrer Einwil\u00adli\u00adgung (Art.&nbsp;6&nbsp;Abs.&nbsp;1&nbsp;lit.&nbsp;a&nbsp;DSGVO) und\/oder auf unseren berech\u00adtig\u00adten Inter\u00ades\u00adsen (Art.&nbsp;6&nbsp;Abs.&nbsp;1&nbsp;lit.&nbsp;f&nbsp;DSGVO), da wir ein berech\u00adtig\u00adtes Inter\u00ades\u00adse an der effek\u00adti\u00adven Bearbei\u00adtung der an uns gerich\u00adte\u00adten Anfragen haben.<\/p>\n<p>Die von Ihnen an uns per Kontakt\u00adan\u00adfra\u00adgen \u00fcbersand\u00adten Daten verblei\u00adben bei uns, bis Sie uns zur L\u00f6schung auffor\u00addern, Ihre Einwil\u00adli\u00adgung zur Speiche\u00adrung wider\u00adru\u00adfen oder der Zweck f\u00fcr die Daten\u00adspei\u00adche\u00adrung entf\u00e4llt (z.B. nach abgeschlos\u00adse\u00adner Bearbei\u00adtung Ihres Anlie\u00adgens). Zwingen\u00adde gesetz\u00adli\u00adche Bestim\u00admun\u00adgen \u2013&nbsp;insbe\u00adson\u00adde\u00adre gesetz\u00adli\u00adche Aufbe\u00adwah\u00adrungs\u00adfris\u00adten&nbsp;\u2013 bleiben unber\u00fchrt.<\/p>\n<p>[\/et_pb_text][\/et_pb_column][et_pb_column type=\u201c1_4\u201d _builder_version=\u201c4.16\u201d _module_preset=\u201cdefault\u201d global_colors_info=\u201d{}\u201d][\/et_pb_column][\/et_pb_row][\/et_pb_section]<\/p>\n","protected":false},"excerpt":{"rendered":"<p>Datenschutzerkl\u00e4rung:1.1 Allge\u00admei\u00adne Hinweise Wir freuen uns \u00fcber Ihren Besuch auf unserer Webseite und \u00fcber das damit verbun\u00adde\u00adne Inter\u00ades\u00adse an unserem Unter\u00adneh\u00admen und unseren Leistun\u00adgen. Wir verzich\u00adten auf unserer Webseite bewusst auf Analyse-Tools von Dritt\u00adan\u00adbie\u00adtern, mit Hilfe derer diese Anbieter Ihr Nutzer\u00adver\u00adhal\u00adten analy\u00adsie\u00adren k\u00f6nnten. Au\u00dferdem gibt es keine Plugins auf unserer Webseite, um Sie zielge\u00adrich\u00adtet werblich&nbsp;[\u2026]<\/p>\n","protected":false},"author":2,"featured_media":0,"parent":0,"menu_order":0,"comment_status":"closed","ping_status":"closed","template":"","meta":{"_et_pb_use_builder":"on","_et_pb_old_content":"","_et_gb_content_width":"","wp_typography_post_enhancements_disabled":false,"footnotes":""},"class_list":["post-406","page","type-page","status-publish","hentry"],"_links":{"self":[{"href":"https:\/\/mekelburger.de\/index.php?rest_route=\/wp\/v2\/pages\/406","targetHints":{"allow":["GET"]}}],"collection":[{"href":"https:\/\/mekelburger.de\/index.php?rest_route=\/wp\/v2\/pages"}],"about":[{"href":"https:\/\/mekelburger.de\/index.php?rest_route=\/wp\/v2\/types\/page"}],"author":[{"embeddable":true,"href":"https:\/\/mekelburger.de\/index.php?rest_route=\/wp\/v2\/users\/2"}],"replies":[{"embeddable":true,"href":"https:\/\/mekelburger.de\/index.php?rest_route=%2Fwp%2Fv2%2Fcomments&post=406"}],"version-history":[{"count":5,"href":"https:\/\/mekelburger.de\/index.php?rest_route=\/wp\/v2\/pages\/406\/revisions"}],"predecessor-version":[{"id":506,"href":"https:\/\/mekelburger.de\/index.php?rest_route=\/wp\/v2\/pages\/406\/revisions\/506"}],"wp:attachment":[{"href":"https:\/\/mekelburger.de\/index.php?rest_route=%2Fwp%2Fv2%2Fmedia&parent=406"}],"curies":[{"name":"wp","href":"https:\/\/api.w.org\/{rel}","templated":true}]}}